{"id":784,"date":"2017-07-10T15:25:00","date_gmt":"2017-07-10T15:25:00","guid":{"rendered":"http:\/\/www.eduqaterapias.es\/?page_id=784"},"modified":"2024-02-12T17:22:19","modified_gmt":"2024-02-12T17:22:19","slug":"orientacion-a-profesionales-y-educadores","status":"publish","type":"page","link":"https:\/\/www.eduqaterapias.es\/en\/orientacion-a-profesionales-y-educadores\/","title":{"rendered":"Orientaci\u00f3n a profesionales y educadores"},"content":{"rendered":"<p>[et_pb_section fb_built=\u00bb1&#8243; fullwidth=\u00bbon\u00bb admin_label=\u00bbHeader Section\u00bb _builder_version=\u00bb4.17.3&#8243; background_image=\u00bbhttp:\/\/www.eduqaterapias.es\/wp-content\/uploads\/2022\/07\/eduqa-orientacion-educadores.jpg\u00bb top_divider_color=\u00bbrgba(255,255,255,0.3)\u00bb top_divider_height=\u00bb100%\u00bb bottom_divider_height=\u00bb30px\u00bb global_colors_info=\u00bb{}\u00bb][et_pb_fullwidth_header title=\u00bbServicios\u00bb subhead=\u00bbOrientaci\u00f3n a educadores\u00bb text_orientation=\u00bbcenter\u00bb _builder_version=\u00bb4.17.6&#8243; title_level=\u00bbh2&#8243; title_font=\u00bbRubik|700||on|||||\u00bb title_text_color=\u00bb#ff7355&#8243; title_font_size=\u00bb16px\u00bb title_letter_spacing=\u00bb5px\u00bb title_line_height=\u00bb2em\u00bb content_font=\u00bbRubik||||||||\u00bb content_font_size=\u00bb18px\u00bb content_line_height=\u00bb2em\u00bb subhead_font=\u00bbVAGRoundedStd|700|||||||\u00bb subhead_text_color=\u00bbrgba(0,0,0,0.8)\u00bb subhead_font_size=\u00bb50px\u00bb subhead_line_height=\u00bb1.4em\u00bb background_enable_color=\u00bboff\u00bb use_background_color_gradient=\u00bbon\u00bb background_color_gradient_stops=\u00bbrgba(255,255,255,0.7) 0%|rgba(255,255,255,0.14) 100%\u00bb background_color_gradient_start=\u00bbrgba(255,255,255,0.7)\u00bb background_color_gradient_end=\u00bbrgba(255,255,255,0.14)\u00bb background_size=\u00bbcontain\u00bb background_position=\u00bbbottom_center\u00bb custom_button_one=\u00bbon\u00bb button_one_text_size=\u00bb16px\u00bb button_one_text_color=\u00bb#ffffff\u00bb button_one_bg_color=\u00bb#de7126&#8243; button_one_border_width=\u00bb15px\u00bb button_one_border_color=\u00bbrgba(210,159,104,0)\u00bb button_one_border_radius=\u00bb100px\u00bb button_one_letter_spacing=\u00bb0px\u00bb button_one_font=\u00bbRubik|700|||||||\u00bb button_one_use_icon=\u00bboff\u00bb custom_button_two=\u00bbon\u00bb button_two_text_size=\u00bb16px\u00bb button_two_text_color=\u00bb#ffffff\u00bb button_two_bg_color=\u00bbrgba(0,0,0,0.6)\u00bb button_two_border_width=\u00bb15px\u00bb button_two_border_color=\u00bbrgba(210,159,104,0)\u00bb button_two_border_radius=\u00bb100px\u00bb button_two_letter_spacing=\u00bb0px\u00bb button_two_font=\u00bbRubik|700|||||||\u00bb button_two_use_icon=\u00bboff\u00bb background_layout=\u00bblight\u00bb custom_margin=\u00bb|||\u00bb custom_padding=\u00bb4vw||4vw||false|false\u00bb animation_style=\u00bbslide\u00bb animation_direction=\u00bbbottom\u00bb animation_intensity_slide=\u00bb1%\u00bb subhead_font_size_tablet=\u00bb\u00bb subhead_font_size_phone=\u00bb30px\u00bb subhead_font_size_last_edited=\u00bbon|phone\u00bb button_one_border_radius_hover=\u00bb100px\u00bb button_two_border_radius_hover=\u00bb100px\u00bb button_one_bg_color_hover=\u00bb#ff8a70&#8243; button_two_bg_color_hover=\u00bb#ff8a70&#8243; global_colors_info=\u00bb{}\u00bb button_one_text_size__hover_enabled=\u00bboff\u00bb button_two_text_size__hover_enabled=\u00bboff\u00bb button_one_text_color__hover_enabled=\u00bboff\u00bb button_two_text_color__hover_enabled=\u00bboff\u00bb button_one_border_width__hover_enabled=\u00bboff\u00bb button_two_border_width__hover_enabled=\u00bboff\u00bb button_one_border_color__hover_enabled=\u00bboff\u00bb button_two_border_color__hover_enabled=\u00bboff\u00bb button_one_border_radius__hover_enabled=\u00bbon\u00bb button_one_border_radius__hover=\u00bb100px\u00bb button_two_border_radius__hover_enabled=\u00bbon\u00bb button_two_border_radius__hover=\u00bb100px\u00bb button_one_letter_spacing__hover_enabled=\u00bboff\u00bb button_two_letter_spacing__hover_enabled=\u00bboff\u00bb button_one_bg_color__hover_enabled=\u00bbon\u00bb button_one_bg_color__hover=\u00bb#ff8a70&#8243; button_two_bg_color__hover_enabled=\u00bbon\u00bb button_two_bg_color__hover=\u00bb#ff8a70&#8243;][\/et_pb_fullwidth_header][\/et_pb_section][et_pb_section fb_built=\u00bb1&#8243; admin_label=\u00bbVideo\u00bb _builder_version=\u00bb4.16&#8243; background_enable_color=\u00bboff\u00bb background_enable_image=\u00bboff\u00bb parallax=\u00bbon\u00bb global_colors_info=\u00bb{}\u00bb][et_pb_row _builder_version=\u00bb4.17.3&#8243; _module_preset=\u00bbdefault\u00bb global_colors_info=\u00bb{}\u00bb][et_pb_column type=\u00bb4_4&#8243; _builder_version=\u00bb4.17.3&#8243; _module_preset=\u00bbdefault\u00bb global_colors_info=\u00bb{}\u00bb][et_pb_text _builder_version=\u00bb4.17.6&#8243; _module_preset=\u00bbdefault\u00bb text_font=\u00bbPT Sans||||||||\u00bb text_font_size=\u00bb17px\u00bb header_2_font=\u00bbVAGRoundedStd|700|||||||\u00bb header_2_text_align=\u00bbcenter\u00bb header_2_text_color=\u00bb#A6192E\u00bb custom_padding=\u00bb||0px|||\u00bb global_colors_info=\u00bb{}\u00bb]<\/p>\n<h2>eduqa ofrece Formaci\u00f3n a profesionales de la educaci\u00f3n.<\/h2>\n<p>Nuestro centro ofrece cursos de formaci\u00f3n permanente al profesorado y otros profesionales de la educaci\u00f3n, pedagog\u00eda y psicolog\u00eda. Son cursos dirigidos a docentes de la educaci\u00f3n infantil, estudiantes de magisterio, pedagog\u00eda o psicopedagog\u00eda que tienen como \ufb01nalidad el desarrollo profesional y la formaci\u00f3n espec\u00ed\ufb01ca en \u00e1reas y tem\u00e1ticas relacionadas con su tarea docente o profesional.<\/p>\n<p>Los cursos est\u00e1n dirigidos a aquellos docentes en activo que desean actualizar sus conocimientos, as\u00ed como para aquellos que est\u00e1n a punto de entrar profesionalmente en la docencia.<\/p>\n<p>Los cursos se dise\u00f1an pensando en dos niveles formativos diferenciados:<\/p>\n<p>\u2022 cursos dirigidos a padres y licenciados que desean iniciarse en la profesi\u00f3n\u2026<br \/>\u2022 cursos para profesionales que deseen desarrollar, ampliar sus habilidades profesionales y sus conocimientos espec\u00ed\ufb01cos o especializarse en un aspecto concreto.<\/p>\n<p>Nuestro objetivo es ofrecer la amplia experiencia, en el \u00e1mbito de la psicolog\u00eda y la educaci\u00f3n de nuestros formadores, para mejorar la calidad del aprendizaje permanente posibilitando que las personas que trabajan en instituciones de educaci\u00f3n, lleven a cabo un curso de formaci\u00f3n en el \u00e1rea que deseen recibir especializaci\u00f3n. De esta manera, se facilita que los participantes mejoren sus competencias de ense\u00f1anza, intervenci\u00f3n psicopedag\u00f3gica, diagnostico e intervenci\u00f3n.<\/p>\n<p>[\/et_pb_text][\/et_pb_column][\/et_pb_row][\/et_pb_section][et_pb_section fb_built=\u00bb1&#8243; admin_label=\u00bbPrograms\u00bb _builder_version=\u00bb4.16&#8243; background_size=\u00bbinitial\u00bb custom_padding=\u00bb54px|0px|54px|0px|true|false\u00bb global_colors_info=\u00bb{}\u00bb][et_pb_row _builder_version=\u00bb4.16&#8243; global_colors_info=\u00bb{}\u00bb][et_pb_column type=\u00bb4_4&#8243; _builder_version=\u00bb4.16&#8243; custom_padding=\u00bb|||\u00bb global_colors_info=\u00bb{}\u00bb custom_padding__hover=\u00bb|||\u00bb][et_pb_text _builder_version=\u00bb4.17.6&#8243; text_font=\u00bbRubik|500|||||||\u00bb text_font_size=\u00bb16px\u00bb text_line_height=\u00bb2em\u00bb header_font=\u00bb||||||||\u00bb header_2_font=\u00bbVAGRoundedStd|700|||||||\u00bb header_2_font_size=\u00bb40px\u00bb header_2_line_height=\u00bb1.4em\u00bb header_5_font=\u00bbRubik|700||on|||||\u00bb header_5_text_color=\u00bb#2b76df\u00bb header_5_letter_spacing=\u00bb5px\u00bb header_5_line_height=\u00bb1.5em\u00bb text_orientation=\u00bbcenter\u00bb max_width=\u00bb700px\u00bb module_alignment=\u00bbcenter\u00bb custom_margin=\u00bb|||\u00bb custom_margin_tablet=\u00bb0px|||\u00bb custom_margin_last_edited=\u00bboff|desktop\u00bb text_line_height_last_edited=\u00bboff|desktop\u00bb header_2_font_size_tablet=\u00bb\u00bb header_2_font_size_phone=\u00bb30px\u00bb header_2_font_size_last_edited=\u00bbon|phone\u00bb global_colors_info=\u00bb{}\u00bb]<\/p>\n<h2>Nuestro profesorado<\/h2>\n<p>El equipo de profesores lo forman profesionales especializados y con amplia experiencia laboral y docente en este campo de actuaci\u00f3n. El equipo est\u00e1 formado por: Psic\u00f3logos, psicoterapeutas infanto \u2013 juveniles, logopeda, psicomotricista, psicopedagoga y pedagogas.<\/p>\n<p>Ejemplos de cursos que impartimos:<\/p>\n<p>[\/et_pb_text][\/et_pb_column][\/et_pb_row][et_pb_row column_structure=\u00bb1_2,1_2&#8243; _builder_version=\u00bb4.16&#8243; custom_margin=\u00bb|||\u00bb custom_padding=\u00bb|||\u00bb global_colors_info=\u00bb{}\u00bb][et_pb_column type=\u00bb1_2&#8243; _builder_version=\u00bb4.16&#8243; custom_padding=\u00bb|||\u00bb global_colors_info=\u00bb{}\u00bb custom_padding__hover=\u00bb|||\u00bb][et_pb_blurb title=\u00bbEn el \u00e1mbito educativo\u00bb use_icon=\u00bbon\u00bb font_icon=\u00bb&#x5a;||divi||400&#8243; icon_color=\u00bb#E87722&#8243; icon_placement=\u00bbleft\u00bb image_icon_width=\u00bb32px\u00bb _builder_version=\u00bb4.17.6&#8243; header_font=\u00bbVAGRoundedStd|500|||||||\u00bb header_font_size=\u00bb20px\u00bb header_line_height=\u00bb1.7em\u00bb body_font=\u00bbRubik||||||||\u00bb body_line_height=\u00bb2em\u00bb custom_margin=\u00bb|||\u00bb custom_padding=\u00bb30px|30px|30px|30px|true|true\u00bb animation_style=\u00bbzoom\u00bb animation_intensity_zoom=\u00bb10%\u00bb border_radii=\u00bbon|5px|5px|5px|5px\u00bb border_width_top=\u00bb10px\u00bb border_color_top=\u00bb#E87722&#8243; box_shadow_style=\u00bbpreset1&#8243; box_shadow_vertical=\u00bb20px\u00bb box_shadow_blur=\u00bb45px\u00bb box_shadow_spread=\u00bb-5px\u00bb box_shadow_color=\u00bbrgba(0,0,0,0.07)\u00bb icon_font_size=\u00bb32px\u00bb global_colors_info=\u00bb{}\u00bb]<\/p>\n<ul>\n<li>\u201cC\u00f3mo detectar\u2026 en el aula\u201d<\/li>\n<li>\u201cLa importancia de la inteligencia emocional\u201d<\/li>\n<li>\u201cSistemas y t\u00e9cnicas de relaci\u00f3n padres- ni\u00f1os y profesores\u201d<\/li>\n<li>\u201cTrastornos de conducta en el aula\u201d<\/li>\n<\/ul>\n<p>[\/et_pb_blurb][\/et_pb_column][et_pb_column type=\u00bb1_2&#8243; _builder_version=\u00bb4.16&#8243; custom_padding=\u00bb|||\u00bb global_colors_info=\u00bb{}\u00bb custom_padding__hover=\u00bb|||\u00bb][et_pb_blurb title=\u00bbEn el \u00e1mbito de Infantil\u00bb use_icon=\u00bbon\u00bb font_icon=\u00bb&#xf599;||fa||400&#8243; icon_color=\u00bb#E87722&#8243; icon_placement=\u00bbleft\u00bb image_icon_width=\u00bb32px\u00bb _builder_version=\u00bb4.17.3&#8243; header_font=\u00bbVAGRoundedStd|500|||||||\u00bb header_font_size=\u00bb20px\u00bb header_line_height=\u00bb1.7em\u00bb body_font=\u00bbRubik||||||||\u00bb body_line_height=\u00bb2em\u00bb custom_margin=\u00bb|||\u00bb custom_padding=\u00bb30px|30px|30px|30px|true|true\u00bb animation_style=\u00bbzoom\u00bb animation_intensity_zoom=\u00bb10%\u00bb border_radii=\u00bbon|5px|5px|5px|5px\u00bb border_width_top=\u00bb10px\u00bb border_color_top=\u00bb#E87722&#8243; box_shadow_style=\u00bbpreset1&#8243; box_shadow_vertical=\u00bb20px\u00bb box_shadow_blur=\u00bb45px\u00bb box_shadow_spread=\u00bb-5px\u00bb box_shadow_color=\u00bbrgba(0,0,0,0.07)\u00bb icon_font_size=\u00bb32px\u00bb global_colors_info=\u00bb{}\u00bb]<\/p>\n<ul>\n<li>\u201cLa evolutiva del ni\u00f1o de 0 a 6 a\u00f1os\u201d<\/li>\n<\/ul>\n<p>[\/et_pb_blurb][\/et_pb_column][\/et_pb_row][et_pb_row column_structure=\u00bb1_2,1_2&#8243; _builder_version=\u00bb4.16&#8243; custom_margin=\u00bb|||\u00bb custom_padding=\u00bb|||\u00bb global_colors_info=\u00bb{}\u00bb][et_pb_column type=\u00bb1_2&#8243; _builder_version=\u00bb4.16&#8243; custom_padding=\u00bb|||\u00bb global_colors_info=\u00bb{}\u00bb custom_padding__hover=\u00bb|||\u00bb][et_pb_blurb title=\u00bbEn el \u00e1rea de logopedia\u00bb use_icon=\u00bbon\u00bb font_icon=\u00bb&#x55;||divi||400&#8243; icon_color=\u00bb#E87722&#8243; icon_placement=\u00bbleft\u00bb image_icon_width=\u00bb32px\u00bb _builder_version=\u00bb4.17.3&#8243; header_font=\u00bbVAGRoundedStd|500|||||||\u00bb header_font_size=\u00bb20px\u00bb header_line_height=\u00bb1.7em\u00bb body_font=\u00bbRubik||||||||\u00bb body_line_height=\u00bb2em\u00bb custom_margin=\u00bb|||\u00bb custom_padding=\u00bb30px|30px|30px|30px|true|true\u00bb animation_style=\u00bbzoom\u00bb animation_intensity_zoom=\u00bb10%\u00bb border_radii=\u00bbon|5px|5px|5px|5px\u00bb border_width_top=\u00bb10px\u00bb border_color_top=\u00bb#E87722&#8243; box_shadow_style=\u00bbpreset1&#8243; box_shadow_vertical=\u00bb20px\u00bb box_shadow_blur=\u00bb45px\u00bb box_shadow_spread=\u00bb-5px\u00bb box_shadow_color=\u00bbrgba(0,0,0,0.07)\u00bb icon_font_size=\u00bb32px\u00bb global_colors_info=\u00bb{}\u00bb]<\/p>\n<ul>\n<li>\u201dPrograma de Prevenci\u00f3n Vocal en el Docente\u201d<\/li>\n<li>\u201cPrevenci\u00f3n de alteraciones del lenguaje mediante la estimulaci\u00f3n orofacial, la alimentaci\u00f3n y la respiraci\u00f3n\u201d<\/li>\n<li>\u201cC\u00f3mo detectar di\ufb01cultades del lenguaje dentro del aula\u201d<\/li>\n<li>\u201cT\u00e9cnicas de animaci\u00f3n a la lectura\u201d<\/li>\n<\/ul>\n<p>[\/et_pb_blurb][\/et_pb_column][et_pb_column type=\u00bb1_2&#8243; _builder_version=\u00bb4.16&#8243; custom_padding=\u00bb|||\u00bb global_colors_info=\u00bb{}\u00bb custom_padding__hover=\u00bb|||\u00bb][et_pb_blurb title=\u00bbEn el \u00e1rea de la psicomotricidad\u00bb use_icon=\u00bbon\u00bb font_icon=\u00bb&#x6a;||divi||400&#8243; icon_color=\u00bb#E87722&#8243; icon_placement=\u00bbleft\u00bb image_icon_width=\u00bb32px\u00bb _builder_version=\u00bb4.17.3&#8243; header_font=\u00bbVAGRoundedStd|500|||||||\u00bb header_font_size=\u00bb20px\u00bb header_line_height=\u00bb1.7em\u00bb body_font=\u00bbRubik||||||||\u00bb body_line_height=\u00bb2em\u00bb custom_margin=\u00bb|||\u00bb custom_padding=\u00bb30px|30px|30px|30px|true|true\u00bb animation_style=\u00bbzoom\u00bb animation_intensity_zoom=\u00bb10%\u00bb border_radii=\u00bbon|5px|5px|5px|5px\u00bb border_width_top=\u00bb10px\u00bb border_color_top=\u00bb#E87722&#8243; box_shadow_style=\u00bbpreset1&#8243; box_shadow_vertical=\u00bb20px\u00bb box_shadow_blur=\u00bb45px\u00bb box_shadow_spread=\u00bb-5px\u00bb box_shadow_color=\u00bbrgba(0,0,0,0.07)\u00bb icon_font_size=\u00bb32px\u00bb global_colors_info=\u00bb{}\u00bb]<\/p>\n<ul>\n<li>\u201dPrograma de Prevenci\u00f3n Vocal en el Docente\u201d<\/li>\n<li>\u00abPrevenci\u00f3n de alteraciones del lenguaje mediante la estimulaci\u00f3n orofacial, la alimentaci\u00f3n y la respiraci\u00f3n\u201d<\/li>\n<li>\u201cC\u00f3mo detectar di\ufb01cultades del lenguaje dentro del aula\u201d<\/li>\n<li>\u201cT\u00e9cnicas de animaci\u00f3n a la lectura\u201d<\/li>\n<\/ul>\n<p>[\/et_pb_blurb][\/et_pb_column][\/et_pb_row][\/et_pb_section]<\/p>\n","protected":false},"excerpt":{"rendered":"<p>eduqa ofrece Formaci\u00f3n a profesionales de la educaci\u00f3n. Nuestro centro ofrece cursos de formaci\u00f3n permanente al profesorado y otros profesionales de la educaci\u00f3n, pedagog\u00eda y psicolog\u00eda. Son cursos dirigidos a docentes de la educaci\u00f3n infantil, estudiantes de magisterio, pedagog\u00eda o psicopedagog\u00eda que tienen como \ufb01nalidad el desarrollo profesional y la formaci\u00f3n espec\u00ed\ufb01ca en \u00e1reas y [&hellip;]<\/p>\n","protected":false},"author":17,"featured_media":0,"parent":0,"menu_order":0,"comment_status":"closed","ping_status":"closed","template":"","meta":{"_et_pb_use_builder":"on","_et_pb_old_content":"[vc_row el_class=\"movil-no\"][vc_column][rev_slider alias=\"terapias-y-reeducacion-infantil\"][\/vc_column][\/vc_row][vc_row el_class=\"movil-si\"][vc_column][vc_empty_space height=\"60px\"][rev_slider alias=\"terapias-y-reeducacion-infantil-movil\"][\/vc_column][\/vc_row][vc_row height=\"small\" el_id=\"orientacion\"][vc_column width=\"1\/12\"][\/vc_column][vc_column width=\"10\/12\" css=\".vc_custom_1498217551303{margin-top: 0px !important;margin-bottom: 0px !important;padding-top: 0px !important;padding-bottom: 0px !important;}\"][vc_column_text]\r\n<h1 style=\"text-align: center;\">ORIENTACI\u00d3N A PROFESIONALES Y EDUCADORES<\/h1>\r\n[\/vc_column_text][us_separator size=\"small\" thick=\"2\" color=\"custom\" bdcolor=\"#0a0a0a\"][\/vc_column][vc_column width=\"1\/12\"][\/vc_column][\/vc_row][vc_row height=\"small\"][vc_column el_class=\"fondo-rosa redondeado-cabecera\"][vc_column_text]\r\n<h2 class=\"font-aller no-margin-bottom\">orientaci\u00f3n a profesionales y educadores<\/h2>\r\n[\/vc_column_text][\/vc_column][\/vc_row][vc_row css=\".vc_custom_1499700234401{margin-bottom: 30px !important;}\"][vc_column][vc_column_text]eduqa ofrece Formaci\u00f3n a profesionales de la educaci\u00f3n.\r\n\r\nNuestro centro ofrece cursos de formaci\u00f3n permanente al profesorado y otros profesionales de la educaci\u00f3n, pedagog\u00eda y psicolog\u00eda. Son cursos dirigidos a docentes de la educaci\u00f3n infantil, estudiantes de magisterio, pedagog\u00eda o psicopedagog\u00eda que tienen como \ufb01nalidad el desarrollo profesional y la formaci\u00f3n espec\u00ed\ufb01ca en \u00e1reas y tem\u00e1ticas relacionadas con su tarea docente o profesional.\r\n\r\nLos cursos est\u00e1n dirigidos a aquellos docentes en activo que desean actualizar sus conocimientos, as\u00ed como para aquellos que est\u00e1n a punto de entrar profesionalmente en la docencia.\r\n\r\nLos cursos se dise\u00f1an pensando en dos niveles formativos diferenciados:\r\n\r\n[\/vc_column_text][vc_column_text css=\".vc_custom_1500893600542{padding-left: 15px !important;}\"]\u2022 cursos dirigidos a padres y licenciados que desean iniciarse en la profesi\u00f3n\u2026\r\n\u2022 cursos para profesionales que deseen desarrollar, ampliar sus habilidades profesionales y sus conocimientos espec\u00ed\ufb01cos o especializarse en un aspecto concreto.[\/vc_column_text][vc_column_text]Nuestro objetivo es ofrecer la amplia experiencia, en el \u00e1mbito de la psicolog\u00eda y la educaci\u00f3n de nuestros formadores, para mejorar la calidad del aprendizaje permanente posibilitando que las personas que trabajan en instituciones de educaci\u00f3n, lleven a cabo un curso de formaci\u00f3n en el \u00e1rea que deseen recibir especializaci\u00f3n. De esta manera, se facilita que los participantes mejoren sus competencias de ense\u00f1anza, intervenci\u00f3n psicopedag\u00f3gica, diagnostico e intervenci\u00f3n.\r\n\r\n<strong>NUESTRO PROFESORADO:<\/strong>\r\n\r\nEl equipo de profesores lo forman profesionales especializados y con amplia experiencia laboral y docente en este campo de actuaci\u00f3n. El equipo est\u00e1 formado por: Psic\u00f3logos, psicoterapeutas infanto \u2013 juveniles, logopeda, psicomotricista, psicopedagoga y pedagogas.\r\n\r\nCursos que se imparten:\r\n\r\n<strong>En el \u00e1mbito educativo:<\/strong>[\/vc_column_text][vc_column_text css=\".vc_custom_1500894352084{padding-left: 15px !important;}\"]\u2022 \u201cC\u00f3mo detectar\u2026 en el aula\u201d\r\n\u2022 \u201cLa importancia de la inteligencia emocional\u201d\r\n\u2022 \u201cSistemas y t\u00e9cnicas de relaci\u00f3n padres- ni\u00f1os y profesores\u201d\r\n\u2022 \u201cTrastornos de conducta en el aula\u201d[\/vc_column_text][vc_column_text]<strong>En el \u00e1mbito de Infantil:<\/strong>[\/vc_column_text][vc_column_text css=\".vc_custom_1500894362179{padding-left: 15px !important;}\"]\u2022 \u201cLa evolutiva del ni\u00f1o de 0 a 6 a\u00f1os\u201d[\/vc_column_text][vc_column_text]<strong>En el area de logopedia:<\/strong>[\/vc_column_text][vc_column_text css=\".vc_custom_1500894370603{padding-left: 15px !important;}\"]\u2022 \u201dPrograma de Prevenci\u00f3n Vocal en el Docente\u201d\r\n\u2022 \u201cPrevenci\u00f3n de alteraciones del lenguaje mediante la estimulaci\u00f3n orofacial, la alimentaci\u00f3n y la respiraci\u00f3n\u201d\r\n\u2022 \u201cC\u00f3mo detectar di\ufb01cultades del lenguaje dentro del aula\u201d\r\n\u2022 \u201cT\u00e9cnicas de animaci\u00f3n a la lectura\u201d[\/vc_column_text][vc_column_text]<strong>En el \u00e1rea de la psicomotricidad:<\/strong>[\/vc_column_text][vc_column_text css=\".vc_custom_1500894379283{padding-left: 15px !important;}\"]\u2022 \u201cLa psicomotricidad en la etapa 0-3\u201d\r\n\u2022 \u201cLa psicomotricidad en la etapa 3-6\u201d\r\n\u2022 \u201cLa importancia de la psicomotricidad en la educaci\u00f3n infantil\u201d\r\n\u2022 \u201cT\u00e9cnicas de observaci\u00f3n en psicomotricidad\u201d\r\n\u2022 \u201cEl desarrollo motor durante el primer a\u00f1o de vida\u201d[\/vc_column_text][\/vc_column][\/vc_row]","_et_gb_content_width":"","_monsterinsights_skip_tracking":false,"_monsterinsights_sitenote_active":false,"_monsterinsights_sitenote_note":"","_monsterinsights_sitenote_category":0,"footnotes":""},"class_list":["post-784","page","type-page","status-publish","hentry"],"_links":{"self":[{"href":"https:\/\/www.eduqaterapias.es\/en\/wp-json\/wp\/v2\/pages\/784","targetHints":{"allow":["GET"]}}],"collection":[{"href":"https:\/\/www.eduqaterapias.es\/en\/wp-json\/wp\/v2\/pages"}],"about":[{"href":"https:\/\/www.eduqaterapias.es\/en\/wp-json\/wp\/v2\/types\/page"}],"author":[{"embeddable":true,"href":"https:\/\/www.eduqaterapias.es\/en\/wp-json\/wp\/v2\/users\/17"}],"replies":[{"embeddable":true,"href":"https:\/\/www.eduqaterapias.es\/en\/wp-json\/wp\/v2\/comments?post=784"}],"version-history":[{"count":18,"href":"https:\/\/www.eduqaterapias.es\/en\/wp-json\/wp\/v2\/pages\/784\/revisions"}],"predecessor-version":[{"id":5514,"href":"https:\/\/www.eduqaterapias.es\/en\/wp-json\/wp\/v2\/pages\/784\/revisions\/5514"}],"wp:attachment":[{"href":"https:\/\/www.eduqaterapias.es\/en\/wp-json\/wp\/v2\/media?parent=784"}],"curies":[{"name":"wp","href":"https:\/\/api.w.org\/{rel}","templated":true}]}}