{"id":5602,"date":"2026-03-09T16:04:08","date_gmt":"2026-03-09T16:04:08","guid":{"rendered":"https:\/\/www.eduqaterapias.es\/?page_id=5602"},"modified":"2026-03-09T16:04:11","modified_gmt":"2026-03-09T16:04:11","slug":"denuncia-por-escrito","status":"publish","type":"page","link":"https:\/\/www.eduqaterapias.es\/en\/denuncia-por-escrito\/","title":{"rendered":"Denuncia por escrito"},"content":{"rendered":"<p>[et_pb_section fb_built=\u00bb1&#8243; theme_builder_area=\u00bbpost_content\u00bb _builder_version=\u00bb4.27.4&#8243; _module_preset=\u00bbdefault\u00bb][et_pb_row _builder_version=\u00bb4.27.4&#8243; _module_preset=\u00bbdefault\u00bb theme_builder_area=\u00bbpost_content\u00bb][et_pb_column _builder_version=\u00bb4.27.4&#8243; _module_preset=\u00bbdefault\u00bb type=\u00bb4_4&#8243; theme_builder_area=\u00bbpost_content\u00bb][et_pb_text _builder_version=\u00bb4.27.4&#8243; _module_preset=\u00bbdefault\u00bb theme_builder_area=\u00bbpost_content\u00bb hover_enabled=\u00bb0&#8243; sticky_enabled=\u00bb0&#8243;]<\/p>\n<h1>Formulario denuncia por escrito<\/h1>\n<p>Por favor, rellene el siguiente formulario para realizar la denuncia.<\/p>\n<p>[\/et_pb_text][et_pb_code _builder_version=\u00bb4.27.4&#8243; _module_preset=\u00bbdefault\u00bb theme_builder_area=\u00bbpost_content\u00bb hover_enabled=\u00bb0&#8243; sticky_enabled=\u00bb0&#8243;]\n<div class=\"wpcf7 no-js\" id=\"wpcf7-f5594-o1\" lang=\"es-ES\" dir=\"ltr\" data-wpcf7-id=\"5594\">\n<div class=\"screen-reader-response\"><p role=\"status\" aria-live=\"polite\" aria-atomic=\"true\"><\/p> <ul><\/ul><\/div>\n<form action=\"\/en\/wp-json\/wp\/v2\/pages\/5602#wpcf7-f5594-o1\" method=\"post\" class=\"wpcf7-form init\" aria-label=\"Formulario de contacto\" novalidate=\"novalidate\" data-status=\"init\">\n<fieldset class=\"hidden-fields-container\"><input type=\"hidden\" name=\"_wpcf7\" value=\"5594\" \/><input type=\"hidden\" name=\"_wpcf7_version\" value=\"6.1.5\" \/><input type=\"hidden\" name=\"_wpcf7_locale\" value=\"es_ES\" \/><input type=\"hidden\" name=\"_wpcf7_unit_tag\" value=\"wpcf7-f5594-o1\" \/><input type=\"hidden\" name=\"_wpcf7_container_post\" value=\"0\" \/><input type=\"hidden\" name=\"_wpcf7_posted_data_hash\" value=\"\" \/>\n<\/fieldset>\n<ol>\n\n<li>\u00bfEs Ud. profesional de EDUQA TRABAJO Y FAMILIA? <\/li>\n    <span class=\"wpcf7-form-control-wrap\" data-name=\"profesional-eduqa\"><span class=\"wpcf7-form-control wpcf7-checkbox wpcf7-exclusive-checkbox\"><span class=\"wpcf7-list-item first\"><label><input type=\"checkbox\" name=\"profesional-eduqa\" value=\"S\u00ed\" \/><span class=\"wpcf7-list-item-label\">S\u00ed<\/span><\/label><\/span><span class=\"wpcf7-list-item last\"><label><input type=\"checkbox\" name=\"profesional-eduqa\" value=\"No\" \/><span class=\"wpcf7-list-item-label\">No<\/span><\/label><\/span><\/span><\/span>\n\n<li>En caso afirmativo indique, por favor, el cargo ostentado.  <\/li>\n    <span class=\"wpcf7-form-control-wrap\" data-name=\"cargo\"><input size=\"40\" maxlength=\"400\" class=\"wpcf7-form-control wpcf7-text\" aria-invalid=\"false\" value=\"\" type=\"text\" name=\"cargo\" \/><\/span>\n\n<li>En caso de no ser profesional de EDUQA TRABAJO Y FAMILIA, indique por favor en cu\u00e1l de las siguientes categor\u00edas se encuentra.<\/li>\n    <span class=\"wpcf7-form-control-wrap\" data-name=\"no-profesional\"><span class=\"wpcf7-form-control wpcf7-checkbox wpcf7-exclusive-checkbox\"><span class=\"wpcf7-list-item first\"><label><input type=\"checkbox\" name=\"no-profesional\" value=\"Familiar\" \/><span class=\"wpcf7-list-item-label\">Familiar<\/span><\/label><\/span><span class=\"wpcf7-list-item\"><label><input type=\"checkbox\" name=\"no-profesional\" value=\"Proveedor\" \/><span class=\"wpcf7-list-item-label\">Proveedor<\/span><\/label><\/span><span class=\"wpcf7-list-item last\"><label><input type=\"checkbox\" name=\"no-profesional\" value=\"Otros\" \/><span class=\"wpcf7-list-item-label\">Otros<\/span><\/label><\/span><\/span><\/span>\n\n<li>Indique, si lo desea, su nombre y apellidos. En caso de que no proporcione esta informaci\u00f3n, su denuncia ser\u00e1 igualmente tramitada<\/li>\n    <span class=\"wpcf7-form-control-wrap\" data-name=\"nombre\"><input size=\"40\" maxlength=\"400\" class=\"wpcf7-form-control wpcf7-text\" autocomplete=\"name\" aria-invalid=\"false\" value=\"\" type=\"text\" name=\"nombre\" \/><\/span>\n\n<li>\u00bfDesea y acepta recibir comunicaciones del responsable de este sistema, en relaci\u00f3n con la denuncia formulada?* <\/li>\n    <span class=\"wpcf7-form-control-wrap\" data-name=\"comunicacion\"><span class=\"wpcf7-form-control wpcf7-checkbox wpcf7-validates-as-required wpcf7-exclusive-checkbox\"><span class=\"wpcf7-list-item first\"><label><input type=\"checkbox\" name=\"comunicacion\" value=\"S\u00ed\" \/><span class=\"wpcf7-list-item-label\">S\u00ed<\/span><\/label><\/span><span class=\"wpcf7-list-item last\"><label><input type=\"checkbox\" name=\"comunicacion\" value=\"No\" \/><span class=\"wpcf7-list-item-label\">No<\/span><\/label><\/span><\/span><\/span>\n\n<li>En caso afirmativo, indique por favor un medio de contacto (n\u00famero de tel\u00e9fono, correo electr\u00f3nico, direcci\u00f3n postal o lugar seguro), para recibir las notificaciones que pudieran emitirse durante el proceso. <\/li>\n    <span class=\"wpcf7-form-control-wrap\" data-name=\"contacto\"><input size=\"40\" maxlength=\"400\" class=\"wpcf7-form-control wpcf7-text\" aria-invalid=\"false\" value=\"\" type=\"text\" name=\"contacto\" \/><\/span>\n\n<li>Describa los hechos que desea denunciar. Tenga en cuenta que por medio del presente canal podr\u00e1n reportarse todos los hechos que pudieran suponer una contravenci\u00f3n de las disposiciones legales vigentes, de la normativa y procedimientos internos, o cualesquiera otras conductas de las que pueda revelarse la comisi\u00f3n de un il\u00edcito administrativo o penal.* <\/li>\n   <span class=\"wpcf7-form-control-wrap\" data-name=\"hechos\"><textarea cols=\"40\" rows=\"10\" maxlength=\"2000\" class=\"wpcf7-form-control wpcf7-textarea wpcf7-validates-as-required\" aria-required=\"true\" aria-invalid=\"false\" name=\"hechos\"><\/textarea><\/span>\n\n<li>Identifique a las personas implicadas en los hechos descritos.*  <\/li>\n    <span class=\"wpcf7-form-control-wrap\" data-name=\"personas\"><input size=\"40\" maxlength=\"400\" class=\"wpcf7-form-control wpcf7-text wpcf7-validates-as-required\" aria-required=\"true\" aria-invalid=\"false\" value=\"\" type=\"text\" name=\"personas\" \/><\/span>\n<li>Indique el lugar o establecimiento de EDUQA TRABAJO Y FAMILIA en el que se han producido los hechos denunciados.* <\/li>\n    <span class=\"wpcf7-form-control-wrap\" data-name=\"lugar\"><input size=\"40\" maxlength=\"400\" class=\"wpcf7-form-control wpcf7-text wpcf7-validates-as-required\" aria-required=\"true\" aria-invalid=\"false\" value=\"\" type=\"text\" name=\"lugar\" \/><\/span>\n\n<li>Indique en qu\u00e9 momento ha ocurrido este incidente y, en su caso, durante cu\u00e1nto tiempo ha venido sucediendo.* <\/li>\n    <span class=\"wpcf7-form-control-wrap\" data-name=\"tiempo\"><input size=\"40\" maxlength=\"400\" class=\"wpcf7-form-control wpcf7-text wpcf7-validates-as-required\" aria-required=\"true\" aria-invalid=\"false\" value=\"\" type=\"text\" name=\"tiempo\" \/><\/span>\n\n<li>\u00bfC\u00f3mo ha tenido conocimiento de los hechos?*<\/li>\n   <span class=\"wpcf7-form-control-wrap\" data-name=\"conocimiento-hechos\"><input size=\"40\" maxlength=\"400\" class=\"wpcf7-form-control wpcf7-text wpcf7-validates-as-required\" aria-required=\"true\" aria-invalid=\"false\" value=\"\" type=\"text\" name=\"conocimiento-hechos\" \/><\/span>\n\n<li>Identifique, en su caso, a aquellas personas que tambi\u00e9n tengan conocimiento de los hechos, o que hubieran intentado ocultarlos o encubrirlos.*<\/li>\n   <span class=\"wpcf7-form-control-wrap\" data-name=\"conocimiento-personas\"><input size=\"40\" maxlength=\"400\" class=\"wpcf7-form-control wpcf7-text wpcf7-validates-as-required\" aria-required=\"true\" aria-invalid=\"false\" value=\"\" type=\"text\" name=\"conocimiento-personas\" \/><\/span>\n\n<li>\u00bfHa procedido a denunciar estos hechos ante la autoridad policial, judicial o administrativa, o conoce si los mismos han sido denunciados?*<\/li>\n   <span class=\"wpcf7-form-control-wrap\" data-name=\"denuncia\"><input size=\"40\" maxlength=\"400\" class=\"wpcf7-form-control wpcf7-text wpcf7-validates-as-required\" aria-required=\"true\" aria-invalid=\"false\" value=\"\" type=\"text\" name=\"denuncia\" \/><\/span>\n\n<li>Si dispone de documentos o archivos de relevancia, puede adjuntarlos a continuaci\u00f3n. Asimismo, puede acompa\u00f1ar cualquier otra informaci\u00f3n o detalles que considere oportunos para la evaluaci\u00f3n \/ investigaci\u00f3n de los hechos.  <\/li>\n   <span class=\"wpcf7-form-control-wrap\" data-name=\"documentos\"><textarea cols=\"40\" rows=\"10\" maxlength=\"2000\" class=\"wpcf7-form-control wpcf7-textarea\" aria-invalid=\"false\" name=\"documentos\"><\/textarea><\/span>\n\n<\/ol>\n<button class=\"wpcf7-form-control wpcf7-submit has-spinner et_pb_button et_pb_bg_layout_light\" type=\"submit\" value=\"Enviar\">Enviar<\/button>\n\n<p>Este formulario usa Akismet para reducir el spam. <a target=\"_blank\" rel=\"nofollow noopener\" href=\"https:\/\/akismet.com\/privacy\/\">Aprende c\u00f3mo se procesan tus datos.<\/a><\/p><div class=\"wpcf7-response-output\" aria-hidden=\"true\"><\/div>\n<\/form>\n<\/div>\n[\/et_pb_code][\/et_pb_column][\/et_pb_row][\/et_pb_section]<\/p>\n","protected":false},"excerpt":{"rendered":"<p>Formulario denuncia por escrito Por favor, rellene el siguiente formulario para realizar la denuncia.\n<div class=\"wpcf7 no-js\" id=\"wpcf7-f5594-o2\" lang=\"es-ES\" dir=\"ltr\" data-wpcf7-id=\"5594\">\n<div class=\"screen-reader-response\"><p role=\"status\" aria-live=\"polite\" aria-atomic=\"true\"><\/p> <ul><\/ul><\/div>\n<form action=\"\/en\/wp-json\/wp\/v2\/pages\/5602#wpcf7-f5594-o2\" method=\"post\" class=\"wpcf7-form init\" aria-label=\"Formulario de contacto\" novalidate=\"novalidate\" data-status=\"init\" data-trp-original-action=\"\/en\/wp-json\/wp\/v2\/pages\/5602#wpcf7-f5594-o2\">\n<fieldset class=\"hidden-fields-container\"><input type=\"hidden\" name=\"_wpcf7\" value=\"5594\" \/><input type=\"hidden\" name=\"_wpcf7_version\" value=\"6.1.5\" \/><input type=\"hidden\" name=\"_wpcf7_locale\" value=\"es_ES\" \/><input type=\"hidden\" name=\"_wpcf7_unit_tag\" value=\"wpcf7-f5594-o2\" \/><input type=\"hidden\" name=\"_wpcf7_container_post\" value=\"0\" \/><input type=\"hidden\" name=\"_wpcf7_posted_data_hash\" value=\"\" \/>\n<\/fieldset>\n<ol>\n\n<li>\u00bfEs Ud. profesional de EDUQA TRABAJO Y FAMILIA? <\/li>\n    <span class=\"wpcf7-form-control-wrap\" data-name=\"profesional-eduqa\"><span class=\"wpcf7-form-control wpcf7-checkbox wpcf7-exclusive-checkbox\"><span class=\"wpcf7-list-item first\"><label><input type=\"checkbox\" name=\"profesional-eduqa\" value=\"S\u00ed\" \/><span class=\"wpcf7-list-item-label\">S\u00ed<\/span><\/label><\/span><span class=\"wpcf7-list-item last\"><label><input type=\"checkbox\" name=\"profesional-eduqa\" value=\"No\" \/><span class=\"wpcf7-list-item-label\">No<\/span><\/label><\/span><\/span><\/span>\n\n<li>En caso afirmativo indique, por favor, el cargo ostentado.  <\/li>\n    <span class=\"wpcf7-form-control-wrap\" data-name=\"cargo\"><input size=\"40\" maxlength=\"400\" class=\"wpcf7-form-control wpcf7-text\" aria-invalid=\"false\" value=\"\" type=\"text\" name=\"cargo\" \/><\/span>\n\n<li>En caso de no ser profesional de EDUQA TRABAJO Y FAMILIA, indique por favor en cu\u00e1l de las siguientes categor\u00edas se encuentra.<\/li>\n    <span class=\"wpcf7-form-control-wrap\" data-name=\"no-profesional\"><span class=\"wpcf7-form-control wpcf7-checkbox wpcf7-exclusive-checkbox\"><span class=\"wpcf7-list-item first\"><label><input type=\"checkbox\" name=\"no-profesional\" value=\"Familiar\" \/><span class=\"wpcf7-list-item-label\">Familiar<\/span><\/label><\/span><span class=\"wpcf7-list-item\"><label><input type=\"checkbox\" name=\"no-profesional\" value=\"Proveedor\" \/><span class=\"wpcf7-list-item-label\">Proveedor<\/span><\/label><\/span><span class=\"wpcf7-list-item last\"><label><input type=\"checkbox\" name=\"no-profesional\" value=\"Otros\" \/><span class=\"wpcf7-list-item-label\">Otros<\/span><\/label><\/span><\/span><\/span>\n\n<li>Indique, si lo desea, su nombre y apellidos. En caso de que no proporcione esta informaci\u00f3n, su denuncia ser\u00e1 igualmente tramitada<\/li>\n    <span class=\"wpcf7-form-control-wrap\" data-name=\"nombre\"><input size=\"40\" maxlength=\"400\" class=\"wpcf7-form-control wpcf7-text\" autocomplete=\"name\" aria-invalid=\"false\" value=\"\" type=\"text\" name=\"nombre\" \/><\/span>\n\n<li>\u00bfDesea y acepta recibir comunicaciones del responsable de este sistema, en relaci\u00f3n con la denuncia formulada?* <\/li>\n    <span class=\"wpcf7-form-control-wrap\" data-name=\"comunicacion\"><span class=\"wpcf7-form-control wpcf7-checkbox wpcf7-validates-as-required wpcf7-exclusive-checkbox\"><span class=\"wpcf7-list-item first\"><label><input type=\"checkbox\" name=\"comunicacion\" value=\"S\u00ed\" \/><span class=\"wpcf7-list-item-label\">S\u00ed<\/span><\/label><\/span><span class=\"wpcf7-list-item last\"><label><input type=\"checkbox\" name=\"comunicacion\" value=\"No\" \/><span class=\"wpcf7-list-item-label\">No<\/span><\/label><\/span><\/span><\/span>\n\n<li>En caso afirmativo, indique por favor un medio de contacto (n\u00famero de tel\u00e9fono, correo electr\u00f3nico, direcci\u00f3n postal o lugar seguro), para recibir las notificaciones que pudieran emitirse durante el proceso. <\/li>\n    <span class=\"wpcf7-form-control-wrap\" data-name=\"contacto\"><input size=\"40\" maxlength=\"400\" class=\"wpcf7-form-control wpcf7-text\" aria-invalid=\"false\" value=\"\" type=\"text\" name=\"contacto\" \/><\/span>\n\n<li>Describa los hechos que desea denunciar. Tenga en cuenta que por medio del presente canal podr\u00e1n reportarse todos los hechos que pudieran suponer una contravenci\u00f3n de las disposiciones legales vigentes, de la normativa y procedimientos internos, o cualesquiera otras conductas de las que pueda revelarse la comisi\u00f3n de un il\u00edcito administrativo o penal.* <\/li>\n   <span class=\"wpcf7-form-control-wrap\" data-name=\"hechos\"><textarea cols=\"40\" rows=\"10\" maxlength=\"2000\" class=\"wpcf7-form-control wpcf7-textarea wpcf7-validates-as-required\" aria-required=\"true\" aria-invalid=\"false\" name=\"hechos\"><\/textarea><\/span>\n\n<li>Identifique a las personas implicadas en los hechos descritos.*  <\/li>\n    <span class=\"wpcf7-form-control-wrap\" data-name=\"personas\"><input size=\"40\" maxlength=\"400\" class=\"wpcf7-form-control wpcf7-text wpcf7-validates-as-required\" aria-required=\"true\" aria-invalid=\"false\" value=\"\" type=\"text\" name=\"personas\" \/><\/span>\n<li>Indique el lugar o establecimiento de EDUQA TRABAJO Y FAMILIA en el que se han producido los hechos denunciados.* <\/li>\n    <span class=\"wpcf7-form-control-wrap\" data-name=\"lugar\"><input size=\"40\" maxlength=\"400\" class=\"wpcf7-form-control wpcf7-text wpcf7-validates-as-required\" aria-required=\"true\" aria-invalid=\"false\" value=\"\" type=\"text\" name=\"lugar\" \/><\/span>\n\n<li>Indique en qu\u00e9 momento ha ocurrido este incidente y, en su caso, durante cu\u00e1nto tiempo ha venido sucediendo.* <\/li>\n    <span class=\"wpcf7-form-control-wrap\" data-name=\"tiempo\"><input size=\"40\" maxlength=\"400\" class=\"wpcf7-form-control wpcf7-text wpcf7-validates-as-required\" aria-required=\"true\" aria-invalid=\"false\" value=\"\" type=\"text\" name=\"tiempo\" \/><\/span>\n\n<li>\u00bfC\u00f3mo ha tenido conocimiento de los hechos?*<\/li>\n   <span class=\"wpcf7-form-control-wrap\" data-name=\"conocimiento-hechos\"><input size=\"40\" maxlength=\"400\" class=\"wpcf7-form-control wpcf7-text wpcf7-validates-as-required\" aria-required=\"true\" aria-invalid=\"false\" value=\"\" type=\"text\" name=\"conocimiento-hechos\" \/><\/span>\n\n<li>Identifique, en su caso, a aquellas personas que tambi\u00e9n tengan conocimiento de los hechos, o que hubieran intentado ocultarlos o encubrirlos.*<\/li>\n   <span class=\"wpcf7-form-control-wrap\" data-name=\"conocimiento-personas\"><input size=\"40\" maxlength=\"400\" class=\"wpcf7-form-control wpcf7-text wpcf7-validates-as-required\" aria-required=\"true\" aria-invalid=\"false\" value=\"\" type=\"text\" name=\"conocimiento-personas\" \/><\/span>\n\n<li>\u00bfHa procedido a denunciar estos hechos ante la autoridad policial, judicial o administrativa, o conoce si los mismos han sido denunciados?*<\/li>\n   <span class=\"wpcf7-form-control-wrap\" data-name=\"denuncia\"><input size=\"40\" maxlength=\"400\" class=\"wpcf7-form-control wpcf7-text wpcf7-validates-as-required\" aria-required=\"true\" aria-invalid=\"false\" value=\"\" type=\"text\" name=\"denuncia\" \/><\/span>\n\n<li>Si dispone de documentos o archivos de relevancia, puede adjuntarlos a continuaci\u00f3n. Asimismo, puede acompa\u00f1ar cualquier otra informaci\u00f3n o detalles que considere oportunos para la evaluaci\u00f3n \/ investigaci\u00f3n de los hechos.  <\/li>\n   <span class=\"wpcf7-form-control-wrap\" data-name=\"documentos\"><textarea cols=\"40\" rows=\"10\" maxlength=\"2000\" class=\"wpcf7-form-control wpcf7-textarea\" aria-invalid=\"false\" name=\"documentos\"><\/textarea><\/span>\n\n<\/ol>\n<button class=\"wpcf7-form-control wpcf7-submit has-spinner et_pb_button et_pb_bg_layout_light\" type=\"submit\" value=\"Enviar\">Enviar<\/button>\n\n<p>Este formulario usa Akismet para reducir el spam. <a target=\"_blank\" rel=\"nofollow noopener\" href=\"https:\/\/akismet.com\/privacy\/\">Aprende c\u00f3mo se procesan tus datos.<\/a><\/p><div class=\"wpcf7-response-output\" aria-hidden=\"true\"><\/div>\n<input type=\"hidden\" name=\"trp-form-language\" value=\"en\"\/><\/form>\n<\/div>\n<\/p>","protected":false},"author":17,"featured_media":0,"parent":0,"menu_order":0,"comment_status":"closed","ping_status":"closed","template":"","meta":{"_et_pb_use_builder":"on","_et_pb_old_content":"","_et_gb_content_width":"","_monsterinsights_skip_tracking":false,"_monsterinsights_sitenote_active":false,"_monsterinsights_sitenote_note":"","_monsterinsights_sitenote_category":0,"footnotes":""},"class_list":["post-5602","page","type-page","status-publish","hentry"],"_links":{"self":[{"href":"https:\/\/www.eduqaterapias.es\/en\/wp-json\/wp\/v2\/pages\/5602","targetHints":{"allow":["GET"]}}],"collection":[{"href":"https:\/\/www.eduqaterapias.es\/en\/wp-json\/wp\/v2\/pages"}],"about":[{"href":"https:\/\/www.eduqaterapias.es\/en\/wp-json\/wp\/v2\/types\/page"}],"author":[{"embeddable":true,"href":"https:\/\/www.eduqaterapias.es\/en\/wp-json\/wp\/v2\/users\/17"}],"replies":[{"embeddable":true,"href":"https:\/\/www.eduqaterapias.es\/en\/wp-json\/wp\/v2\/comments?post=5602"}],"version-history":[{"count":2,"href":"https:\/\/www.eduqaterapias.es\/en\/wp-json\/wp\/v2\/pages\/5602\/revisions"}],"predecessor-version":[{"id":5605,"href":"https:\/\/www.eduqaterapias.es\/en\/wp-json\/wp\/v2\/pages\/5602\/revisions\/5605"}],"wp:attachment":[{"href":"https:\/\/www.eduqaterapias.es\/en\/wp-json\/wp\/v2\/media?parent=5602"}],"curies":[{"name":"wp","href":"https:\/\/api.w.org\/{rel}","templated":true}]}}